{"id":273,"date":"2014-01-11T20:56:56","date_gmt":"2014-01-11T19:56:56","guid":{"rendered":"http:\/\/ottoschaefer.de\/birds_and_nature\/?page_id=273"},"modified":"2014-10-05T15:47:26","modified_gmt":"2014-10-05T14:47:26","slug":"pyrenaeen-2011","status":"publish","type":"page","link":"https:\/\/ottoschaefer.de\/birds_and_nature\/pyrenaeen-2011\/","title":{"rendered":"Pyren\u00e4en 2011"},"content":{"rendered":"<h2>Pyren\u00e4en, November 2011<\/h2>\n<p>Meine erste Reise mit Joachim Griesinger in die Pyren\u00e4en. Thema: Laubverf\u00e4rbung und Bartgeier. Und die Laubverf\u00e4rbung ist in der Tat grandios und farbenpr\u00e4chtig in dieser wilden und teilweise unber\u00fchrten Landschaft. Leider l\u00e4sst uns das Wetter die ersten 3 Tage im Stich. Es regnet teilweise sintflutartig. Dann aber wird es besser und wri k\u00f6nnen einige sch\u00f6ne Bilder machen. Und auch der 2. Teil unseres Aufenthaltes in Buseu um Bartgeier zu fotografieren ist von Erfolg gekr\u00f6nt.<\/p>\n<p><style>\n\t#gallery_40dbcfffe9c0fd7e25d75758cdc81c2c .image-wrapper {\n\t\tmargin-left: 5px;\n\t\tmargin-bottom: 5px;\n\t\tpadding: 20px;\n\t\tborder: solid 1px #CCCCCC;\n\t\tbackground-color: #FFFFFF;\n\t\tmax-width: 162px;\n\t}\n\n\t#gallery_40dbcfffe9c0fd7e25d75758cdc81c2c .image-wrapper a {\n\t\twidth: 120px;\n\t\theight: 90px;\n\t}\n\n\t#gallery_40dbcfffe9c0fd7e25d75758cdc81c2c .nextgen_pro_film_title {\n\t\t\t}\n\n\t#gallery_40dbcfffe9c0fd7e25d75758cdc81c2c .nextgen_pro_film_description {\n\t\t\t}\n<\/style><div class=\"nextgen_pro_film\" id=\"gallery_40dbcfffe9c0fd7e25d75758cdc81c2c\"\n\t\tdata-gallery-id=\"ES2011\"><div id=\"ngg-image-0\" class=\"image-wrapper\"><a href=\"https:\/\/ottoschaefer.de\/birds_and_nature\/wp-content\/gallery\/bilder\/2011-11-02-pyrenees-007.jpg\"\n\t\t\t\t\t\t\t\ttitle=\"Pyren\u00e4en, Nationalpark Ordeas y Monte Perdido\"\n\t\t\t\t\t\t\t\tdata-src=\"https:\/\/ottoschaefer.de\/birds_and_nature\/wp-content\/gallery\/bilder\/2011-11-02-pyrenees-007.jpg\"\n\t\t\t\t\t\t\t\tdata-thumbnail=\"https:\/\/ottoschaefer.de\/birds_and_nature\/wp-content\/gallery\/bilder\/thumbs\/thumbs_2011-11-02-pyrenees-007.jpg\"\n\t\t\t\t\t\t\t\tdata-image-id=\"114\"\n\t\t\t\t\t\t\t\tdata-title=\"2011-11-02-pyrenees-007\"\n\t\t\t\t\t\t\t\tdata-description=\"Pyren\u00e4en, Nationalpark Ordeas y Monte Perdido\"\n\t\t\t\t\t\t\t\t\t\t\t\t\t\t\t\t\t\t\t\t\t\t\t\t\t\t\t\t\t\t\t\t\t\t\t\t\t\t\tclass='nextgen_pro_lightbox' data-nplmodal-gallery-id='40dbcfffe9c0fd7e25d75758cdc81c2c'><picture><source srcset='https:\/\/ottoschaefer.de\/birds_and_nature\/wp-content\/gallery\/bilder\/cache\/2011-11-02-pyrenees-007.jpg-nggid03114-ngg0dyn-120x90x100-00f0w010c010r110f110r010t010.jpg'><img class=\"nextgen_pro_film_image\" title=\"2011-11-02-pyrenees-007\" alt=\"2011-11-02-pyrenees-007\" width=\"120\" height=\"80\" style=\"max-width:120px;max-height:80px\" src=\"https:\/\/ottoschaefer.de\/birds_and_nature\/wp-content\/gallery\/bilder\/cache\/2011-11-02-pyrenees-007.jpg-nggid03114-ngg0dyn-120x90x100-00f0w010c010r110f110r010t010.jpg\" srcset=\"https:\/\/ottoschaefer.de\/birds_and_nature\/wp-content\/gallery\/bilder\/cache\/2011-11-02-pyrenees-007.jpg-nggid03114-ngg0dyn-120x90x100-00f0w010c010r110f110r010t010.jpg\" \/><\/picture>\t\t\t\t\t\t\t<\/a><div class='ngg-trigger-buttons'><i class='fa ngg-trigger nextgen_pro_lightbox fa-share-square' data-nplmodal-gallery-id='40dbcfffe9c0fd7e25d75758cdc81c2c' data-image-id='114'><\/i><\/div>\t\t\t\t\t<\/div><div id=\"ngg-image-1\" class=\"image-wrapper\"><a href=\"https:\/\/ottoschaefer.de\/birds_and_nature\/wp-content\/gallery\/bilder\/2011-11-02-pyrenees-015.jpg\"\n\t\t\t\t\t\t\t\ttitle=\"Pyren\u00e4en, Nationalpark Ordeas y Monte Perdido\"\n\t\t\t\t\t\t\t\tdata-src=\"https:\/\/ottoschaefer.de\/birds_and_nature\/wp-content\/gallery\/bilder\/2011-11-02-pyrenees-015.jpg\"\n\t\t\t\t\t\t\t\tdata-thumbnail=\"https:\/\/ottoschaefer.de\/birds_and_nature\/wp-content\/gallery\/bilder\/thumbs\/thumbs_2011-11-02-pyrenees-015.jpg\"\n\t\t\t\t\t\t\t\tdata-image-id=\"115\"\n\t\t\t\t\t\t\t\tdata-title=\"2011-11-02-pyrenees-015\"\n\t\t\t\t\t\t\t\tdata-description=\"Pyren\u00e4en, Nationalpark Ordeas y Monte Perdido\"\n\t\t\t\t\t\t\t\t\t\t\t\t\t\t\t\t\t\t\t\t\t\t\t\t\t\t\t\t\t\t\t\t\t\t\t\t\t\t\tclass='nextgen_pro_lightbox' data-nplmodal-gallery-id='40dbcfffe9c0fd7e25d75758cdc81c2c'><picture><source srcset='https:\/\/ottoschaefer.de\/birds_and_nature\/wp-content\/gallery\/bilder\/cache\/2011-11-02-pyrenees-015.jpg-nggid03115-ngg0dyn-120x90x100-00f0w010c010r110f110r010t010.jpg'><img class=\"nextgen_pro_film_image\" title=\"2011-11-02-pyrenees-015\" alt=\"2011-11-02-pyrenees-015\" width=\"60\" height=\"90\" style=\"max-width:60px;max-height:90px\" src=\"https:\/\/ottoschaefer.de\/birds_and_nature\/wp-content\/gallery\/bilder\/cache\/2011-11-02-pyrenees-015.jpg-nggid03115-ngg0dyn-120x90x100-00f0w010c010r110f110r010t010.jpg\" srcset=\"https:\/\/ottoschaefer.de\/birds_and_nature\/wp-content\/gallery\/bilder\/cache\/2011-11-02-pyrenees-015.jpg-nggid03115-ngg0dyn-120x90x100-00f0w010c010r110f110r010t010.jpg\" \/><\/picture>\t\t\t\t\t\t\t<\/a><div class='ngg-trigger-buttons'><i class='fa ngg-trigger nextgen_pro_lightbox fa-share-square' data-nplmodal-gallery-id='40dbcfffe9c0fd7e25d75758cdc81c2c' data-image-id='115'><\/i><\/div>\t\t\t\t\t<\/div><div id=\"ngg-image-2\" class=\"image-wrapper\"><a href=\"https:\/\/ottoschaefer.de\/birds_and_nature\/wp-content\/gallery\/bilder\/2011-11-02-pyrenees-022.jpg\"\n\t\t\t\t\t\t\t\ttitle=\"Pyren\u00e4en, Nationalpark Ordeas y Monte Perdido\"\n\t\t\t\t\t\t\t\tdata-src=\"https:\/\/ottoschaefer.de\/birds_and_nature\/wp-content\/gallery\/bilder\/2011-11-02-pyrenees-022.jpg\"\n\t\t\t\t\t\t\t\tdata-thumbnail=\"https:\/\/ottoschaefer.de\/birds_and_nature\/wp-content\/gallery\/bilder\/thumbs\/thumbs_2011-11-02-pyrenees-022.jpg\"\n\t\t\t\t\t\t\t\tdata-image-id=\"116\"\n\t\t\t\t\t\t\t\tdata-title=\"2011-11-02-pyrenees-022\"\n\t\t\t\t\t\t\t\tdata-description=\"Pyren\u00e4en, Nationalpark Ordeas y Monte Perdido\"\n\t\t\t\t\t\t\t\t\t\t\t\t\t\t\t\t\t\t\t\t\t\t\t\t\t\t\t\t\t\t\t\t\t\t\t\t\t\t\tclass='nextgen_pro_lightbox' data-nplmodal-gallery-id='40dbcfffe9c0fd7e25d75758cdc81c2c'><picture><source srcset='https:\/\/ottoschaefer.de\/birds_and_nature\/wp-content\/gallery\/bilder\/cache\/2011-11-02-pyrenees-022.jpg-nggid03116-ngg0dyn-120x90x100-00f0w010c010r110f110r010t010.jpg'><img class=\"nextgen_pro_film_image\" title=\"2011-11-02-pyrenees-022\" alt=\"2011-11-02-pyrenees-022\" width=\"120\" height=\"80\" style=\"max-width:120px;max-height:80px\" src=\"https:\/\/ottoschaefer.de\/birds_and_nature\/wp-content\/gallery\/bilder\/cache\/2011-11-02-pyrenees-022.jpg-nggid03116-ngg0dyn-120x90x100-00f0w010c010r110f110r010t010.jpg\" srcset=\"https:\/\/ottoschaefer.de\/birds_and_nature\/wp-content\/gallery\/bilder\/cache\/2011-11-02-pyrenees-022.jpg-nggid03116-ngg0dyn-120x90x100-00f0w010c010r110f110r010t010.jpg\" \/><\/picture>\t\t\t\t\t\t\t<\/a><div class='ngg-trigger-buttons'><i class='fa ngg-trigger nextgen_pro_lightbox fa-share-square' data-nplmodal-gallery-id='40dbcfffe9c0fd7e25d75758cdc81c2c' data-image-id='116'><\/i><\/div>\t\t\t\t\t<\/div><div id=\"ngg-image-3\" class=\"image-wrapper\"><a href=\"https:\/\/ottoschaefer.de\/birds_and_nature\/wp-content\/gallery\/bilder\/2011-11-02-pyrenees-032.jpg\"\n\t\t\t\t\t\t\t\ttitle=\"Pyren\u00e4en, Nationalpark Ordeas y Monte Perdido\"\n\t\t\t\t\t\t\t\tdata-src=\"https:\/\/ottoschaefer.de\/birds_and_nature\/wp-content\/gallery\/bilder\/2011-11-02-pyrenees-032.jpg\"\n\t\t\t\t\t\t\t\tdata-thumbnail=\"https:\/\/ottoschaefer.de\/birds_and_nature\/wp-content\/gallery\/bilder\/thumbs\/thumbs_2011-11-02-pyrenees-032.jpg\"\n\t\t\t\t\t\t\t\tdata-image-id=\"117\"\n\t\t\t\t\t\t\t\tdata-title=\"2011-11-02-pyrenees-032\"\n\t\t\t\t\t\t\t\tdata-description=\"Pyren\u00e4en, Nationalpark Ordeas y Monte Perdido\"\n\t\t\t\t\t\t\t\t\t\t\t\t\t\t\t\t\t\t\t\t\t\t\t\t\t\t\t\t\t\t\t\t\t\t\t\t\t\t\tclass='nextgen_pro_lightbox' data-nplmodal-gallery-id='40dbcfffe9c0fd7e25d75758cdc81c2c'><picture><source srcset='https:\/\/ottoschaefer.de\/birds_and_nature\/wp-content\/gallery\/bilder\/cache\/2011-11-02-pyrenees-032.jpg-nggid03117-ngg0dyn-120x90x100-00f0w010c010r110f110r010t010.jpg'><img class=\"nextgen_pro_film_image\" title=\"2011-11-02-pyrenees-032\" alt=\"2011-11-02-pyrenees-032\" width=\"120\" height=\"80\" style=\"max-width:120px;max-height:80px\" src=\"https:\/\/ottoschaefer.de\/birds_and_nature\/wp-content\/gallery\/bilder\/cache\/2011-11-02-pyrenees-032.jpg-nggid03117-ngg0dyn-120x90x100-00f0w010c010r110f110r010t010.jpg\" srcset=\"https:\/\/ottoschaefer.de\/birds_and_nature\/wp-content\/gallery\/bilder\/cache\/2011-11-02-pyrenees-032.jpg-nggid03117-ngg0dyn-120x90x100-00f0w010c010r110f110r010t010.jpg\" \/><\/picture>\t\t\t\t\t\t\t<\/a><div class='ngg-trigger-buttons'><i class='fa ngg-trigger nextgen_pro_lightbox fa-share-square' data-nplmodal-gallery-id='40dbcfffe9c0fd7e25d75758cdc81c2c' data-image-id='117'><\/i><\/div>\t\t\t\t\t<\/div><div id=\"ngg-image-4\" class=\"image-wrapper\"><a href=\"https:\/\/ottoschaefer.de\/birds_and_nature\/wp-content\/gallery\/bilder\/2011-11-02-pyrenees-036.jpg\"\n\t\t\t\t\t\t\t\ttitle=\"Pyren\u00e4en, Nationalpark Ordeas y Monte Perdido\"\n\t\t\t\t\t\t\t\tdata-src=\"https:\/\/ottoschaefer.de\/birds_and_nature\/wp-content\/gallery\/bilder\/2011-11-02-pyrenees-036.jpg\"\n\t\t\t\t\t\t\t\tdata-thumbnail=\"https:\/\/ottoschaefer.de\/birds_and_nature\/wp-content\/gallery\/bilder\/thumbs\/thumbs_2011-11-02-pyrenees-036.jpg\"\n\t\t\t\t\t\t\t\tdata-image-id=\"118\"\n\t\t\t\t\t\t\t\tdata-title=\"2011-11-02-pyrenees-036\"\n\t\t\t\t\t\t\t\tdata-description=\"Pyren\u00e4en, Nationalpark Ordeas y Monte Perdido\"\n\t\t\t\t\t\t\t\t\t\t\t\t\t\t\t\t\t\t\t\t\t\t\t\t\t\t\t\t\t\t\t\t\t\t\t\t\t\t\tclass='nextgen_pro_lightbox' data-nplmodal-gallery-id='40dbcfffe9c0fd7e25d75758cdc81c2c'><picture><source srcset='https:\/\/ottoschaefer.de\/birds_and_nature\/wp-content\/gallery\/bilder\/cache\/2011-11-02-pyrenees-036.jpg-nggid03118-ngg0dyn-120x90x100-00f0w010c010r110f110r010t010.jpg'><img class=\"nextgen_pro_film_image\" title=\"2011-11-02-pyrenees-036\" alt=\"2011-11-02-pyrenees-036\" width=\"120\" height=\"80\" style=\"max-width:120px;max-height:80px\" src=\"https:\/\/ottoschaefer.de\/birds_and_nature\/wp-content\/gallery\/bilder\/cache\/2011-11-02-pyrenees-036.jpg-nggid03118-ngg0dyn-120x90x100-00f0w010c010r110f110r010t010.jpg\" srcset=\"https:\/\/ottoschaefer.de\/birds_and_nature\/wp-content\/gallery\/bilder\/cache\/2011-11-02-pyrenees-036.jpg-nggid03118-ngg0dyn-120x90x100-00f0w010c010r110f110r010t010.jpg\" \/><\/picture>\t\t\t\t\t\t\t<\/a><div class='ngg-trigger-buttons'><i class='fa ngg-trigger nextgen_pro_lightbox fa-share-square' data-nplmodal-gallery-id='40dbcfffe9c0fd7e25d75758cdc81c2c' data-image-id='118'><\/i><\/div>\t\t\t\t\t<\/div><div id=\"ngg-image-5\" class=\"image-wrapper\"><a href=\"https:\/\/ottoschaefer.de\/birds_and_nature\/wp-content\/gallery\/bilder\/2011-11-02-pyrenees-040.jpg\"\n\t\t\t\t\t\t\t\ttitle=\"Pyren\u00e4en, Nationalpark Ordeas y Monte Perdido\"\n\t\t\t\t\t\t\t\tdata-src=\"https:\/\/ottoschaefer.de\/birds_and_nature\/wp-content\/gallery\/bilder\/2011-11-02-pyrenees-040.jpg\"\n\t\t\t\t\t\t\t\tdata-thumbnail=\"https:\/\/ottoschaefer.de\/birds_and_nature\/wp-content\/gallery\/bilder\/thumbs\/thumbs_2011-11-02-pyrenees-040.jpg\"\n\t\t\t\t\t\t\t\tdata-image-id=\"119\"\n\t\t\t\t\t\t\t\tdata-title=\"2011-11-02-pyrenees-040\"\n\t\t\t\t\t\t\t\tdata-description=\"Pyren\u00e4en, Nationalpark Ordeas y Monte Perdido\"\n\t\t\t\t\t\t\t\t\t\t\t\t\t\t\t\t\t\t\t\t\t\t\t\t\t\t\t\t\t\t\t\t\t\t\t\t\t\t\tclass='nextgen_pro_lightbox' data-nplmodal-gallery-id='40dbcfffe9c0fd7e25d75758cdc81c2c'><picture><source srcset='https:\/\/ottoschaefer.de\/birds_and_nature\/wp-content\/gallery\/bilder\/cache\/2011-11-02-pyrenees-040.jpg-nggid03119-ngg0dyn-120x90x100-00f0w010c010r110f110r010t010.jpg'><img class=\"nextgen_pro_film_image\" title=\"2011-11-02-pyrenees-040\" alt=\"2011-11-02-pyrenees-040\" width=\"120\" height=\"80\" style=\"max-width:120px;max-height:80px\" src=\"https:\/\/ottoschaefer.de\/birds_and_nature\/wp-content\/gallery\/bilder\/cache\/2011-11-02-pyrenees-040.jpg-nggid03119-ngg0dyn-120x90x100-00f0w010c010r110f110r010t010.jpg\" srcset=\"https:\/\/ottoschaefer.de\/birds_and_nature\/wp-content\/gallery\/bilder\/cache\/2011-11-02-pyrenees-040.jpg-nggid03119-ngg0dyn-120x90x100-00f0w010c010r110f110r010t010.jpg\" \/><\/picture>\t\t\t\t\t\t\t<\/a><div class='ngg-trigger-buttons'><i class='fa ngg-trigger nextgen_pro_lightbox fa-share-square' data-nplmodal-gallery-id='40dbcfffe9c0fd7e25d75758cdc81c2c' data-image-id='119'><\/i><\/div>\t\t\t\t\t<\/div><div id=\"ngg-image-6\" class=\"image-wrapper\"><a href=\"https:\/\/ottoschaefer.de\/birds_and_nature\/wp-content\/gallery\/bilder\/2011-11-05-pyrenees-035.jpg\"\n\t\t\t\t\t\t\t\ttitle=\"Pyren\u00e4en, Nationalpark Ordeas y Monte Perdido\"\n\t\t\t\t\t\t\t\tdata-src=\"https:\/\/ottoschaefer.de\/birds_and_nature\/wp-content\/gallery\/bilder\/2011-11-05-pyrenees-035.jpg\"\n\t\t\t\t\t\t\t\tdata-thumbnail=\"https:\/\/ottoschaefer.de\/birds_and_nature\/wp-content\/gallery\/bilder\/thumbs\/thumbs_2011-11-05-pyrenees-035.jpg\"\n\t\t\t\t\t\t\t\tdata-image-id=\"120\"\n\t\t\t\t\t\t\t\tdata-title=\"2011-11-05-pyrenees-035\"\n\t\t\t\t\t\t\t\tdata-description=\"Pyren\u00e4en, Nationalpark Ordeas y Monte Perdido\"\n\t\t\t\t\t\t\t\t\t\t\t\t\t\t\t\t\t\t\t\t\t\t\t\t\t\t\t\t\t\t\t\t\t\t\t\t\t\t\tclass='nextgen_pro_lightbox' data-nplmodal-gallery-id='40dbcfffe9c0fd7e25d75758cdc81c2c'><picture><source srcset='https:\/\/ottoschaefer.de\/birds_and_nature\/wp-content\/gallery\/bilder\/cache\/2011-11-05-pyrenees-035.jpg-nggid03120-ngg0dyn-120x90x100-00f0w010c010r110f110r010t010.jpg'><img class=\"nextgen_pro_film_image\" title=\"2011-11-05-pyrenees-035\" alt=\"2011-11-05-pyrenees-035\" width=\"120\" height=\"80\" style=\"max-width:120px;max-height:80px\" src=\"https:\/\/ottoschaefer.de\/birds_and_nature\/wp-content\/gallery\/bilder\/cache\/2011-11-05-pyrenees-035.jpg-nggid03120-ngg0dyn-120x90x100-00f0w010c010r110f110r010t010.jpg\" srcset=\"https:\/\/ottoschaefer.de\/birds_and_nature\/wp-content\/gallery\/bilder\/cache\/2011-11-05-pyrenees-035.jpg-nggid03120-ngg0dyn-120x90x100-00f0w010c010r110f110r010t010.jpg\" \/><\/picture>\t\t\t\t\t\t\t<\/a><div class='ngg-trigger-buttons'><i class='fa ngg-trigger nextgen_pro_lightbox fa-share-square' data-nplmodal-gallery-id='40dbcfffe9c0fd7e25d75758cdc81c2c' data-image-id='120'><\/i><\/div>\t\t\t\t\t<\/div><div id=\"ngg-image-7\" class=\"image-wrapper\"><a href=\"https:\/\/ottoschaefer.de\/birds_and_nature\/wp-content\/gallery\/bilder\/2011-11-05-pyrenees-040.jpg\"\n\t\t\t\t\t\t\t\ttitle=\"Pyren\u00e4en, Nationalpark Ordeas y Monte Perdido\"\n\t\t\t\t\t\t\t\tdata-src=\"https:\/\/ottoschaefer.de\/birds_and_nature\/wp-content\/gallery\/bilder\/2011-11-05-pyrenees-040.jpg\"\n\t\t\t\t\t\t\t\tdata-thumbnail=\"https:\/\/ottoschaefer.de\/birds_and_nature\/wp-content\/gallery\/bilder\/thumbs\/thumbs_2011-11-05-pyrenees-040.jpg\"\n\t\t\t\t\t\t\t\tdata-image-id=\"121\"\n\t\t\t\t\t\t\t\tdata-title=\"2011-11-05-pyrenees-040\"\n\t\t\t\t\t\t\t\tdata-description=\"Pyren\u00e4en, Nationalpark Ordeas y Monte Perdido\"\n\t\t\t\t\t\t\t\t\t\t\t\t\t\t\t\t\t\t\t\t\t\t\t\t\t\t\t\t\t\t\t\t\t\t\t\t\t\t\tclass='nextgen_pro_lightbox' data-nplmodal-gallery-id='40dbcfffe9c0fd7e25d75758cdc81c2c'><picture><source srcset='https:\/\/ottoschaefer.de\/birds_and_nature\/wp-content\/gallery\/bilder\/cache\/2011-11-05-pyrenees-040.jpg-nggid03121-ngg0dyn-120x90x100-00f0w010c010r110f110r010t010.jpg'><img class=\"nextgen_pro_film_image\" title=\"2011-11-05-pyrenees-040\" alt=\"2011-11-05-pyrenees-040\" width=\"120\" height=\"80\" style=\"max-width:120px;max-height:80px\" src=\"https:\/\/ottoschaefer.de\/birds_and_nature\/wp-content\/gallery\/bilder\/cache\/2011-11-05-pyrenees-040.jpg-nggid03121-ngg0dyn-120x90x100-00f0w010c010r110f110r010t010.jpg\" srcset=\"https:\/\/ottoschaefer.de\/birds_and_nature\/wp-content\/gallery\/bilder\/cache\/2011-11-05-pyrenees-040.jpg-nggid03121-ngg0dyn-120x90x100-00f0w010c010r110f110r010t010.jpg\" \/><\/picture>\t\t\t\t\t\t\t<\/a><div class='ngg-trigger-buttons'><i class='fa ngg-trigger nextgen_pro_lightbox fa-share-square' data-nplmodal-gallery-id='40dbcfffe9c0fd7e25d75758cdc81c2c' data-image-id='121'><\/i><\/div>\t\t\t\t\t<\/div><div id=\"ngg-image-8\" class=\"image-wrapper\"><a href=\"https:\/\/ottoschaefer.de\/birds_and_nature\/wp-content\/gallery\/bilder\/2011-11-05-pyrenees-043.jpg\"\n\t\t\t\t\t\t\t\ttitle=\"Pyren\u00e4en, Nationalpark Ordeas y Monte Perdido\"\n\t\t\t\t\t\t\t\tdata-src=\"https:\/\/ottoschaefer.de\/birds_and_nature\/wp-content\/gallery\/bilder\/2011-11-05-pyrenees-043.jpg\"\n\t\t\t\t\t\t\t\tdata-thumbnail=\"https:\/\/ottoschaefer.de\/birds_and_nature\/wp-content\/gallery\/bilder\/thumbs\/thumbs_2011-11-05-pyrenees-043.jpg\"\n\t\t\t\t\t\t\t\tdata-image-id=\"122\"\n\t\t\t\t\t\t\t\tdata-title=\"2011-11-05-pyrenees-043\"\n\t\t\t\t\t\t\t\tdata-description=\"Pyren\u00e4en, Nationalpark Ordeas y Monte Perdido\"\n\t\t\t\t\t\t\t\t\t\t\t\t\t\t\t\t\t\t\t\t\t\t\t\t\t\t\t\t\t\t\t\t\t\t\t\t\t\t\tclass='nextgen_pro_lightbox' data-nplmodal-gallery-id='40dbcfffe9c0fd7e25d75758cdc81c2c'><picture><source srcset='https:\/\/ottoschaefer.de\/birds_and_nature\/wp-content\/gallery\/bilder\/cache\/2011-11-05-pyrenees-043.jpg-nggid03122-ngg0dyn-120x90x100-00f0w010c010r110f110r010t010.jpg'><img class=\"nextgen_pro_film_image\" title=\"2011-11-05-pyrenees-043\" alt=\"2011-11-05-pyrenees-043\" width=\"120\" height=\"80\" style=\"max-width:120px;max-height:80px\" src=\"https:\/\/ottoschaefer.de\/birds_and_nature\/wp-content\/gallery\/bilder\/cache\/2011-11-05-pyrenees-043.jpg-nggid03122-ngg0dyn-120x90x100-00f0w010c010r110f110r010t010.jpg\" srcset=\"https:\/\/ottoschaefer.de\/birds_and_nature\/wp-content\/gallery\/bilder\/cache\/2011-11-05-pyrenees-043.jpg-nggid03122-ngg0dyn-120x90x100-00f0w010c010r110f110r010t010.jpg\" \/><\/picture>\t\t\t\t\t\t\t<\/a><div class='ngg-trigger-buttons'><i class='fa ngg-trigger nextgen_pro_lightbox fa-share-square' data-nplmodal-gallery-id='40dbcfffe9c0fd7e25d75758cdc81c2c' data-image-id='122'><\/i><\/div>\t\t\t\t\t<\/div><div id=\"ngg-image-9\" class=\"image-wrapper\"><a href=\"https:\/\/ottoschaefer.de\/birds_and_nature\/wp-content\/gallery\/bilder\/2011-11-05-pyrenees-053.jpg\"\n\t\t\t\t\t\t\t\ttitle=\"Pyren\u00e4en, Nationalpark Ordeas y Monte Perdido\"\n\t\t\t\t\t\t\t\tdata-src=\"https:\/\/ottoschaefer.de\/birds_and_nature\/wp-content\/gallery\/bilder\/2011-11-05-pyrenees-053.jpg\"\n\t\t\t\t\t\t\t\tdata-thumbnail=\"https:\/\/ottoschaefer.de\/birds_and_nature\/wp-content\/gallery\/bilder\/thumbs\/thumbs_2011-11-05-pyrenees-053.jpg\"\n\t\t\t\t\t\t\t\tdata-image-id=\"123\"\n\t\t\t\t\t\t\t\tdata-title=\"2011-11-05-pyrenees-053\"\n\t\t\t\t\t\t\t\tdata-description=\"Pyren\u00e4en, Nationalpark Ordeas y Monte Perdido\"\n\t\t\t\t\t\t\t\t\t\t\t\t\t\t\t\t\t\t\t\t\t\t\t\t\t\t\t\t\t\t\t\t\t\t\t\t\t\t\tclass='nextgen_pro_lightbox' data-nplmodal-gallery-id='40dbcfffe9c0fd7e25d75758cdc81c2c'><picture><source srcset='https:\/\/ottoschaefer.de\/birds_and_nature\/wp-content\/gallery\/bilder\/cache\/2011-11-05-pyrenees-053.jpg-nggid03123-ngg0dyn-120x90x100-00f0w010c010r110f110r010t010.jpg'><img class=\"nextgen_pro_film_image\" title=\"2011-11-05-pyrenees-053\" alt=\"2011-11-05-pyrenees-053\" width=\"120\" height=\"80\" style=\"max-width:120px;max-height:80px\" src=\"https:\/\/ottoschaefer.de\/birds_and_nature\/wp-content\/gallery\/bilder\/cache\/2011-11-05-pyrenees-053.jpg-nggid03123-ngg0dyn-120x90x100-00f0w010c010r110f110r010t010.jpg\" srcset=\"https:\/\/ottoschaefer.de\/birds_and_nature\/wp-content\/gallery\/bilder\/cache\/2011-11-05-pyrenees-053.jpg-nggid03123-ngg0dyn-120x90x100-00f0w010c010r110f110r010t010.jpg\" \/><\/picture>\t\t\t\t\t\t\t<\/a><div class='ngg-trigger-buttons'><i class='fa ngg-trigger nextgen_pro_lightbox fa-share-square' data-nplmodal-gallery-id='40dbcfffe9c0fd7e25d75758cdc81c2c' data-image-id='123'><\/i><\/div>\t\t\t\t\t<\/div><\/div><div class='ngg-navigation'><span class='current'>1<\/span><a class='page-numbers' data-pageid='2' href='https:\/\/ottoschaefer.de\/birds_and_nature\/pyrenaeen-2011\/nggallery\/page\/2'>2<\/a><a class='prev' href='https:\/\/ottoschaefer.de\/birds_and_nature\/pyrenaeen-2011\/nggallery\/page\/2' data-pageid=\"2\">&#9658;<\/a><\/div>\n<\/p>\n","protected":false},"excerpt":{"rendered":"<p>Pyren\u00e4en, November 2011 Meine erste Reise mit Joachim Griesinger in die Pyren\u00e4en. Thema: Laubverf\u00e4rbung und Bartgeier. Und die Laubverf\u00e4rbung ist in der Tat grandios und farbenpr\u00e4chtig in dieser wilden und teilweise unber\u00fchrten Landschaft. Leider l\u00e4sst uns das Wetter die ersten 3 Tage im Stich. Es regnet teilweise sintflutartig. Dann aber wird es besser und wri [&hellip;]<\/p>\n","protected":false},"author":1,"featured_media":0,"parent":0,"menu_order":0,"comment_status":"closed","ping_status":"closed","template":"template-page-no-title.php","meta":{"ngg_post_thumbnail":0,"footnotes":""},"class_list":["post-273","page","type-page","status-publish","hentry","entry"],"_links":{"self":[{"href":"https:\/\/ottoschaefer.de\/birds_and_nature\/wp-json\/wp\/v2\/pages\/273","targetHints":{"allow":["GET"]}}],"collection":[{"href":"https:\/\/ottoschaefer.de\/birds_and_nature\/wp-json\/wp\/v2\/pages"}],"about":[{"href":"https:\/\/ottoschaefer.de\/birds_and_nature\/wp-json\/wp\/v2\/types\/page"}],"author":[{"embeddable":true,"href":"https:\/\/ottoschaefer.de\/birds_and_nature\/wp-json\/wp\/v2\/users\/1"}],"replies":[{"embeddable":true,"href":"https:\/\/ottoschaefer.de\/birds_and_nature\/wp-json\/wp\/v2\/comments?post=273"}],"version-history":[{"count":3,"href":"https:\/\/ottoschaefer.de\/birds_and_nature\/wp-json\/wp\/v2\/pages\/273\/revisions"}],"predecessor-version":[{"id":533,"href":"https:\/\/ottoschaefer.de\/birds_and_nature\/wp-json\/wp\/v2\/pages\/273\/revisions\/533"}],"wp:attachment":[{"href":"https:\/\/ottoschaefer.de\/birds_and_nature\/wp-json\/wp\/v2\/media?parent=273"}],"curies":[{"name":"wp","href":"https:\/\/api.w.org\/{rel}","templated":true}]}}